{"id":258,"date":"2021-02-19T16:26:29","date_gmt":"2021-02-19T19:26:29","guid":{"rendered":"https:\/\/ceeduc.edu.br\/colegio\/?page_id=258"},"modified":"2025-11-11T11:39:33","modified_gmt":"2025-11-11T14:39:33","slug":"instituicao-ceeduc","status":"publish","type":"page","link":"https:\/\/ceeduc.edu.br\/colegio\/instituicao-ceeduc\/","title":{"rendered":"Institui\u00e7\u00e3o CEEDUC"},"content":{"rendered":"\t\t<div data-elementor-type=\"wp-page\" data-elementor-id=\"258\" class=\"elementor elementor-258\" data-elementor-post-type=\"page\">\n\t\t\t\t<div class=\"elementor-element elementor-element-4684384 e-flex e-con-boxed e-con e-parent\" data-id=\"4684384\" data-element_type=\"container\" data-e-type=\"container\" data-settings=\"{&quot;background_background&quot;:&quot;classic&quot;}\">\n\t\t\t\t\t<div class=\"e-con-inner\">\n\t\t<div class=\"elementor-element elementor-element-a9d169a e-con-full e-flex e-con e-child\" data-id=\"a9d169a\" data-element_type=\"container\" data-e-type=\"container\">\n\t\t\t\t<div class=\"elementor-element elementor-element-0f6953c elementor-widget elementor-widget-heading\" data-id=\"0f6953c\" data-element_type=\"widget\" data-e-type=\"widget\" data-widget_type=\"heading.default\">\n\t\t\t\t\t<h2 class=\"elementor-heading-title elementor-size-default\">Sobre a Institui\u00e7\u00e3o CEEDUC<\/h2>\t\t\t\t<\/div>\n\t\t\t\t<\/div>\n\t\t\t\t\t<\/div>\n\t\t\t\t<\/div>\n\t\t<div class=\"elementor-element elementor-element-2396e20 e-flex e-con-boxed e-con e-parent\" data-id=\"2396e20\" data-element_type=\"container\" data-e-type=\"container\" data-settings=\"{&quot;background_background&quot;:&quot;classic&quot;}\">\n\t\t\t\t\t<div class=\"e-con-inner\">\n\t\t<div class=\"elementor-element elementor-element-112e8c6 e-con-full e-flex e-con e-child\" data-id=\"112e8c6\" data-element_type=\"container\" data-e-type=\"container\" data-settings=\"{&quot;background_background&quot;:&quot;classic&quot;}\">\n\t\t<div class=\"elementor-element elementor-element-5e7bcad e-con-full e-flex e-con e-child\" data-id=\"5e7bcad\" data-element_type=\"container\" data-e-type=\"container\">\n\t\t<div class=\"elementor-element elementor-element-9cb751a e-con-full e-flex e-con e-child\" data-id=\"9cb751a\" data-element_type=\"container\" data-e-type=\"container\">\n\t\t\t\t<div class=\"elementor-element elementor-element-1c53779 elementor-widget elementor-widget-heading\" data-id=\"1c53779\" data-element_type=\"widget\" data-e-type=\"widget\" data-widget_type=\"heading.default\">\n\t\t\t\t\t<h2 class=\"elementor-heading-title elementor-size-default\">Apresenta\u00e7\u00e3o<\/h2>\t\t\t\t<\/div>\n\t\t<div class=\"elementor-element elementor-element-3aaf444 e-con-full e-flex e-con e-child\" data-id=\"3aaf444\" data-element_type=\"container\" data-e-type=\"container\">\n\t\t\t\t<div class=\"elementor-element elementor-element-4959d3e elementor-widget elementor-widget-text-editor\" data-id=\"4959d3e\" data-element_type=\"widget\" data-e-type=\"widget\" data-widget_type=\"text-editor.default\">\n\t\t\t\t\t\t\t\t\t<p>O CEEDUC \u00e9 uma organiza\u00e7\u00e3o crist\u00e3 comprometida com a forma\u00e7\u00e3o humana integral por meio da educa\u00e7\u00e3o, da a\u00e7\u00e3o social e da forma\u00e7\u00e3o teol\u00f3gica. Fundado pela <b>Igreja Assembleia de Deus de Joinville<\/b> desde 1969 atuando por meio de tr\u00eas frentes: o CEEDUC Col\u00e9gio, o CEEDUC Social e a Faculdade Refidim, todos sob os princ\u00edpios da f\u00e9, da excel\u00eancia e da transforma\u00e7\u00e3o social.<\/p>\t\t\t\t\t\t\t\t<\/div>\n\t\t<div class=\"elementor-element elementor-element-0b73b21 e-con-full e-flex e-con e-child\" data-id=\"0b73b21\" data-element_type=\"container\" data-e-type=\"container\">\n\t\t\t\t<div class=\"elementor-element elementor-element-c01ef55 elementor-widget elementor-widget-text-editor\" data-id=\"c01ef55\" data-element_type=\"widget\" data-e-type=\"widget\" data-widget_type=\"text-editor.default\">\n\t\t\t\t\t\t\t\t\t<p><strong>IEADJO<\/strong> \u2013 Igreja Assembleia de Deus de Joinville.<\/p><p><strong>CEEDUC <\/strong>\u2013 Educa\u00e7\u00e3o, Cultura e Assist\u00eancia Social.<\/p><ul><li><strong>CEEDUC Col\u00e9gio<\/strong> \u2013Educa\u00e7\u00e3o Infantil ao Ensino Fundamental.<\/li><li><strong>CEEDUC Social<\/strong> \u2013 A\u00e7\u00e3o social com foco em crian\u00e7as e adolescentes em vulnerabilidade.<\/li><li><strong>REFIDIM<\/strong> <strong>Faculdade <\/strong>\u2013 Cursos teol\u00f3gicos presenciais e a dist\u00e2ncia.<\/li><\/ul>\t\t\t\t\t\t\t\t<\/div>\n\t\t\t\t<\/div>\n\t\t\t\t<\/div>\n\t\t\t\t<\/div>\n\t\t<div class=\"elementor-element elementor-element-8383d5e e-con-full e-flex e-con e-child\" data-id=\"8383d5e\" data-element_type=\"container\" data-e-type=\"container\">\n\t\t<div class=\"elementor-element elementor-element-81d3a89 e-con-full e-flex e-con e-child\" data-id=\"81d3a89\" data-element_type=\"container\" data-e-type=\"container\">\n\t\t\t\t<div class=\"elementor-element elementor-element-58cc66b elementor-widget elementor-widget-image\" data-id=\"58cc66b\" data-element_type=\"widget\" data-e-type=\"widget\" data-widget_type=\"image.default\">\n\t\t\t\t\t\t\t\t\t\t\t\t\t\t\t<img fetchpriority=\"high\" decoding=\"async\" width=\"1280\" height=\"853\" src=\"https:\/\/ceeduc.edu.br\/colegio\/wp-content\/uploads\/2021\/04\/AD-Joinville.jpg\" class=\"attachment-full size-full wp-image-1232\" alt=\"\" srcset=\"https:\/\/ceeduc.edu.br\/colegio\/wp-content\/uploads\/2021\/04\/AD-Joinville.jpg 1280w, https:\/\/ceeduc.edu.br\/colegio\/wp-content\/uploads\/2021\/04\/AD-Joinville-300x200.jpg 300w, https:\/\/ceeduc.edu.br\/colegio\/wp-content\/uploads\/2021\/04\/AD-Joinville-1024x682.jpg 1024w, https:\/\/ceeduc.edu.br\/colegio\/wp-content\/uploads\/2021\/04\/AD-Joinville-768x512.jpg 768w\" sizes=\"(max-width: 1280px) 100vw, 1280px\" \/>\t\t\t\t\t\t\t\t\t\t\t\t\t\t\t<\/div>\n\t\t<div class=\"elementor-element elementor-element-4084dca e-grid e-con-full e-con e-child\" data-id=\"4084dca\" data-element_type=\"container\" data-e-type=\"container\">\n\t\t\t\t<div class=\"elementor-element elementor-element-e0f5390 elementor-widget elementor-widget-image\" data-id=\"e0f5390\" data-element_type=\"widget\" data-e-type=\"widget\" data-widget_type=\"image.default\">\n\t\t\t\t\t\t\t\t\t\t\t\t\t\t\t<img decoding=\"async\" width=\"279\" height=\"255\" src=\"https:\/\/ceeduc.edu.br\/colegio\/wp-content\/uploads\/2025\/08\/logo.ieadjo.limpopreto.png\" class=\"attachment-large size-large wp-image-2083\" alt=\"\" \/>\t\t\t\t\t\t\t\t\t\t\t\t\t\t\t<\/div>\n\t\t\t\t<div class=\"elementor-element elementor-element-471974b elementor-widget elementor-widget-image\" data-id=\"471974b\" data-element_type=\"widget\" data-e-type=\"widget\" data-widget_type=\"image.default\">\n\t\t\t\t\t\t\t\t\t\t\t\t\t\t\t<img decoding=\"async\" width=\"800\" height=\"933\" src=\"https:\/\/ceeduc.edu.br\/colegio\/wp-content\/uploads\/2021\/02\/ceeduc-colorido-vert-878x1024.png\" class=\"attachment-large size-large wp-image-1739\" alt=\"\" srcset=\"https:\/\/ceeduc.edu.br\/colegio\/wp-content\/uploads\/2021\/02\/ceeduc-colorido-vert-878x1024.png 878w, https:\/\/ceeduc.edu.br\/colegio\/wp-content\/uploads\/2021\/02\/ceeduc-colorido-vert-257x300.png 257w, https:\/\/ceeduc.edu.br\/colegio\/wp-content\/uploads\/2021\/02\/ceeduc-colorido-vert-768x896.png 768w, https:\/\/ceeduc.edu.br\/colegio\/wp-content\/uploads\/2021\/02\/ceeduc-colorido-vert-1317x1536.png 1317w, https:\/\/ceeduc.edu.br\/colegio\/wp-content\/uploads\/2021\/02\/ceeduc-colorido-vert-1756x2048.png 1756w, https:\/\/ceeduc.edu.br\/colegio\/wp-content\/uploads\/2021\/02\/ceeduc-colorido-vert.png 1920w\" sizes=\"(max-width: 800px) 100vw, 800px\" \/>\t\t\t\t\t\t\t\t\t\t\t\t\t\t\t<\/div>\n\t\t\t\t<\/div>\n\t\t<div class=\"elementor-element elementor-element-32ebf3b e-grid e-con-full e-con e-child\" data-id=\"32ebf3b\" data-element_type=\"container\" data-e-type=\"container\">\n\t\t\t\t<div class=\"elementor-element elementor-element-331a9b7 elementor-widget elementor-widget-image\" data-id=\"331a9b7\" data-element_type=\"widget\" data-e-type=\"widget\" data-widget_type=\"image.default\">\n\t\t\t\t\t\t\t\t\t\t\t\t\t\t\t<img loading=\"lazy\" decoding=\"async\" width=\"748\" height=\"1024\" src=\"https:\/\/ceeduc.edu.br\/colegio\/wp-content\/uploads\/2025\/11\/COLEGIO-VERTICAL.svg\" class=\"attachment-large size-large wp-image-2775\" alt=\"\" \/>\t\t\t\t\t\t\t\t\t\t\t\t\t\t\t<\/div>\n\t\t\t\t<div class=\"elementor-element elementor-element-73c5c6e elementor-widget elementor-widget-image\" data-id=\"73c5c6e\" data-element_type=\"widget\" data-e-type=\"widget\" data-widget_type=\"image.default\">\n\t\t\t\t\t\t\t\t\t\t\t\t\t\t\t<img loading=\"lazy\" decoding=\"async\" width=\"748\" height=\"1024\" src=\"https:\/\/ceeduc.edu.br\/colegio\/wp-content\/uploads\/2025\/11\/SOCIAL-VERTICAL.svg\" class=\"attachment-large size-large wp-image-2776\" alt=\"\" \/>\t\t\t\t\t\t\t\t\t\t\t\t\t\t\t<\/div>\n\t\t\t\t<div class=\"elementor-element elementor-element-4cabee1 elementor-widget elementor-widget-image\" data-id=\"4cabee1\" data-element_type=\"widget\" data-e-type=\"widget\" data-widget_type=\"image.default\">\n\t\t\t\t\t\t\t\t\t\t\t\t\t\t\t<img loading=\"lazy\" decoding=\"async\" width=\"800\" height=\"965\" src=\"https:\/\/ceeduc.edu.br\/colegio\/wp-content\/uploads\/2025\/11\/Refidim-LogoPreta-Vertical-849x1024.png\" class=\"attachment-large size-large wp-image-2777\" alt=\"\" srcset=\"https:\/\/ceeduc.edu.br\/colegio\/wp-content\/uploads\/2025\/11\/Refidim-LogoPreta-Vertical-849x1024.png 849w, https:\/\/ceeduc.edu.br\/colegio\/wp-content\/uploads\/2025\/11\/Refidim-LogoPreta-Vertical-249x300.png 249w, https:\/\/ceeduc.edu.br\/colegio\/wp-content\/uploads\/2025\/11\/Refidim-LogoPreta-Vertical-768x927.png 768w, https:\/\/ceeduc.edu.br\/colegio\/wp-content\/uploads\/2025\/11\/Refidim-LogoPreta-Vertical.png 895w\" sizes=\"(max-width: 800px) 100vw, 800px\" \/>\t\t\t\t\t\t\t\t\t\t\t\t\t\t\t<\/div>\n\t\t\t\t<\/div>\n\t\t\t\t<\/div>\n\t\t\t\t<\/div>\n\t\t\t\t<\/div>\n\t\t\t\t<\/div>\n\t\t\t\t\t<\/div>\n\t\t\t\t<\/div>\n\t\t<div class=\"elementor-element elementor-element-46a7b15 e-flex e-con-boxed e-con e-parent\" data-id=\"46a7b15\" data-element_type=\"container\" data-e-type=\"container\" data-settings=\"{&quot;background_background&quot;:&quot;classic&quot;}\">\n\t\t\t\t\t<div class=\"e-con-inner\">\n\t\t<div class=\"elementor-element elementor-element-4ed0a0c e-con-full e-flex e-con e-child\" data-id=\"4ed0a0c\" data-element_type=\"container\" data-e-type=\"container\" data-settings=\"{&quot;background_background&quot;:&quot;classic&quot;}\">\n\t\t<div class=\"elementor-element elementor-element-06588e1 e-con-full e-flex e-con e-child\" data-id=\"06588e1\" data-element_type=\"container\" data-e-type=\"container\">\n\t\t<div class=\"elementor-element elementor-element-476fae1 e-con-full e-flex e-con e-child\" data-id=\"476fae1\" data-element_type=\"container\" data-e-type=\"container\">\n\t\t\t\t<div class=\"elementor-element elementor-element-4f10281 elementor-widget elementor-widget-heading\" data-id=\"4f10281\" data-element_type=\"widget\" data-e-type=\"widget\" data-widget_type=\"heading.default\">\n\t\t\t\t\t<h2 class=\"elementor-heading-title elementor-size-default\">Princ\u00edpios Norteadores\u200b<\/h2>\t\t\t\t<\/div>\n\t\t\t\t<div class=\"elementor-element elementor-element-61adc0d elementor-widget elementor-widget-image\" data-id=\"61adc0d\" data-element_type=\"widget\" data-e-type=\"widget\" data-widget_type=\"image.default\">\n\t\t\t\t\t\t\t\t\t\t\t\t\t\t\t<img decoding=\"async\" src=\"https:\/\/ceeduc.edu.br\/colegio\/wp-content\/uploads\/elementor\/thumbs\/IMG_0461-ra7owbqgbmklx6pcxr4dt86f3cd7omjkgxru0lfhxk.png\" title=\"IMG_0461\" alt=\"IMG_0461\" loading=\"lazy\" \/>\t\t\t\t\t\t\t\t\t\t\t\t\t\t\t<\/div>\n\t\t\t\t<\/div>\n\t\t<div class=\"elementor-element elementor-element-fc260fa e-con-full e-flex e-con e-child\" data-id=\"fc260fa\" data-element_type=\"container\" data-e-type=\"container\">\n\t\t\t\t<div class=\"elementor-element elementor-element-428551b elementor-widget elementor-widget-icon-box\" data-id=\"428551b\" data-element_type=\"widget\" data-e-type=\"widget\" data-widget_type=\"icon-box.default\">\n\t\t\t\t\t\t\t<div class=\"elementor-icon-box-wrapper\">\n\n\t\t\t\n\t\t\t\t\t\t<div class=\"elementor-icon-box-content\">\n\n\t\t\t\t\t\t\t\t\t<h3 class=\"elementor-icon-box-title\">\n\t\t\t\t\t\t<span  >\n\t\t\t\t\t\t\tMiss\u00e3o\t\t\t\t\t\t<\/span>\n\t\t\t\t\t<\/h3>\n\t\t\t\t\n\t\t\t\t\t\t\t\t\t<p class=\"elementor-icon-box-description\">\n\t\t\t\t\t\tPromover transforma\u00e7\u00e3o social por meio da educa\u00e7\u00e3o crist\u00e3, a\u00e7\u00e3o social e forma\u00e7\u00e3o teol\u00f3gica.\t\t\t\t\t<\/p>\n\t\t\t\t\n\t\t\t<\/div>\n\t\t\t\n\t\t<\/div>\n\t\t\t\t\t\t<\/div>\n\t\t\t\t<div class=\"elementor-element elementor-element-46371df elementor-widget elementor-widget-icon-box\" data-id=\"46371df\" data-element_type=\"widget\" data-e-type=\"widget\" data-widget_type=\"icon-box.default\">\n\t\t\t\t\t\t\t<div class=\"elementor-icon-box-wrapper\">\n\n\t\t\t\n\t\t\t\t\t\t<div class=\"elementor-icon-box-content\">\n\n\t\t\t\t\t\t\t\t\t<h3 class=\"elementor-icon-box-title\">\n\t\t\t\t\t\t<span  >\n\t\t\t\t\t\t\tVis\u00e3o\t\t\t\t\t\t<\/span>\n\t\t\t\t\t<\/h3>\n\t\t\t\t\n\t\t\t\t\t\t\t\t\t<p class=\"elementor-icon-box-description\">\n\t\t\t\t\t\tSer uma refer\u00eancia nacional na forma\u00e7\u00e3o de cidad\u00e3os comprometidos com os princ\u00edpios crist\u00e3os e a excel\u00eancia.\t\t\t\t\t<\/p>\n\t\t\t\t\n\t\t\t<\/div>\n\t\t\t\n\t\t<\/div>\n\t\t\t\t\t\t<\/div>\n\t\t\t\t<div class=\"elementor-element elementor-element-6736e0c elementor-widget elementor-widget-icon-box\" data-id=\"6736e0c\" data-element_type=\"widget\" data-e-type=\"widget\" data-widget_type=\"icon-box.default\">\n\t\t\t\t\t\t\t<div class=\"elementor-icon-box-wrapper\">\n\n\t\t\t\n\t\t\t\t\t\t<div class=\"elementor-icon-box-content\">\n\n\t\t\t\t\t\t\t\t\t<h3 class=\"elementor-icon-box-title\">\n\t\t\t\t\t\t<span  >\n\t\t\t\t\t\t\tValores\t\t\t\t\t\t<\/span>\n\t\t\t\t\t<\/h3>\n\t\t\t\t\n\t\t\t\t\t\t\t\t\t<p class=\"elementor-icon-box-description\">\n\t\t\t\t\t\tF\u00e9, amor ao pr\u00f3ximo, \u00e9tica, excel\u00eancia, integridade, compromisso social.\t\t\t\t\t<\/p>\n\t\t\t\t\n\t\t\t<\/div>\n\t\t\t\n\t\t<\/div>\n\t\t\t\t\t\t<\/div>\n\t\t\t\t<\/div>\n\t\t\t\t<\/div>\n\t\t\t\t<\/div>\n\t\t\t\t\t<\/div>\n\t\t\t\t<\/div>\n\t\t<div class=\"elementor-element elementor-element-96fc0ed e-flex e-con-boxed e-con e-parent\" data-id=\"96fc0ed\" data-element_type=\"container\" data-e-type=\"container\" data-settings=\"{&quot;background_background&quot;:&quot;classic&quot;}\">\n\t\t\t\t\t<div class=\"e-con-inner\">\n\t\t<div class=\"elementor-element elementor-element-aa1ca7e e-con-full e-flex e-con e-child\" data-id=\"aa1ca7e\" data-element_type=\"container\" data-e-type=\"container\" data-settings=\"{&quot;background_background&quot;:&quot;classic&quot;}\">\n\t\t<div class=\"elementor-element elementor-element-d5d47dd e-con-full e-flex e-con e-child\" data-id=\"d5d47dd\" data-element_type=\"container\" data-e-type=\"container\">\n\t\t<div class=\"elementor-element elementor-element-1aa954d e-con-full e-flex e-con e-child\" data-id=\"1aa954d\" data-element_type=\"container\" data-e-type=\"container\">\n\t\t\t\t<div class=\"elementor-element elementor-element-f3423d9 elementor-widget elementor-widget-heading\" data-id=\"f3423d9\" data-element_type=\"widget\" data-e-type=\"widget\" data-widget_type=\"heading.default\">\n\t\t\t\t\t<h2 class=\"elementor-heading-title elementor-size-default\">Lideran\u00e7a<\/h2>\t\t\t\t<\/div>\n\t\t<div class=\"elementor-element elementor-element-27ad658 e-con-full e-grid e-con e-child\" data-id=\"27ad658\" data-element_type=\"container\" data-e-type=\"container\">\n\t\t\t\t<div class=\"elementor-element elementor-element-3d79d5f elementor-position-top elementor-widget elementor-widget-image-box\" data-id=\"3d79d5f\" data-element_type=\"widget\" data-e-type=\"widget\" data-widget_type=\"image-box.default\">\n\t\t\t\t\t<div class=\"elementor-image-box-wrapper\"><figure class=\"elementor-image-box-img\"><img loading=\"lazy\" decoding=\"async\" width=\"500\" height=\"500\" src=\"https:\/\/ceeduc.edu.br\/colegio\/wp-content\/uploads\/2025\/08\/sergio-1.png\" class=\"attachment-full size-full wp-image-2150\" alt=\"\" srcset=\"https:\/\/ceeduc.edu.br\/colegio\/wp-content\/uploads\/2025\/08\/sergio-1.png 500w, https:\/\/ceeduc.edu.br\/colegio\/wp-content\/uploads\/2025\/08\/sergio-1-300x300.png 300w, https:\/\/ceeduc.edu.br\/colegio\/wp-content\/uploads\/2025\/08\/sergio-1-150x150.png 150w\" sizes=\"(max-width: 500px) 100vw, 500px\" \/><\/figure><div class=\"elementor-image-box-content\"><h3 class=\"elementor-image-box-title\">Pr. Sergio Melfior<\/h3><p class=\"elementor-image-box-description\">Presidente<\/p><\/div><\/div>\t\t\t\t<\/div>\n\t\t\t\t<div class=\"elementor-element elementor-element-7a4e58e elementor-position-top elementor-widget elementor-widget-image-box\" data-id=\"7a4e58e\" data-element_type=\"widget\" data-e-type=\"widget\" data-widget_type=\"image-box.default\">\n\t\t\t\t\t<div class=\"elementor-image-box-wrapper\"><figure class=\"elementor-image-box-img\"><img loading=\"lazy\" decoding=\"async\" width=\"500\" height=\"500\" src=\"https:\/\/ceeduc.edu.br\/colegio\/wp-content\/uploads\/2025\/08\/Claiton.png\" class=\"attachment-full size-full wp-image-2137\" alt=\"\" srcset=\"https:\/\/ceeduc.edu.br\/colegio\/wp-content\/uploads\/2025\/08\/Claiton.png 500w, https:\/\/ceeduc.edu.br\/colegio\/wp-content\/uploads\/2025\/08\/Claiton-300x300.png 300w, https:\/\/ceeduc.edu.br\/colegio\/wp-content\/uploads\/2025\/08\/Claiton-150x150.png 150w\" sizes=\"(max-width: 500px) 100vw, 500px\" \/><\/figure><div class=\"elementor-image-box-content\"><h3 class=\"elementor-image-box-title\">Dr. Claiton Pommerening<\/h3><p class=\"elementor-image-box-description\">Dire\u00e7\u00e3o Geral<\/p><\/div><\/div>\t\t\t\t<\/div>\n\t\t\t\t<\/div>\n\t\t<div class=\"elementor-element elementor-element-80da785 e-con-full e-grid e-con e-child\" data-id=\"80da785\" data-element_type=\"container\" data-e-type=\"container\">\n\t\t\t\t<div class=\"elementor-element elementor-element-c8ff628 elementor-position-top elementor-widget elementor-widget-image-box\" data-id=\"c8ff628\" data-element_type=\"widget\" data-e-type=\"widget\" data-widget_type=\"image-box.default\">\n\t\t\t\t\t<div class=\"elementor-image-box-wrapper\"><figure class=\"elementor-image-box-img\"><img loading=\"lazy\" decoding=\"async\" width=\"500\" height=\"500\" src=\"https:\/\/ceeduc.edu.br\/colegio\/wp-content\/uploads\/2025\/08\/TEDI.png\" class=\"attachment-full size-full wp-image-2136\" alt=\"\" srcset=\"https:\/\/ceeduc.edu.br\/colegio\/wp-content\/uploads\/2025\/08\/TEDI.png 500w, https:\/\/ceeduc.edu.br\/colegio\/wp-content\/uploads\/2025\/08\/TEDI-300x300.png 300w, https:\/\/ceeduc.edu.br\/colegio\/wp-content\/uploads\/2025\/08\/TEDI-150x150.png 150w\" sizes=\"(max-width: 500px) 100vw, 500px\" \/><\/figure><div class=\"elementor-image-box-content\"><h3 class=\"elementor-image-box-title\">Marcos Tedesco<\/h3><p class=\"elementor-image-box-description\">Coordena\u00e7\u00e3o<br>\nCEEDUC Col\u00e9gio<\/p><\/div><\/div>\t\t\t\t<\/div>\n\t\t\t\t<div class=\"elementor-element elementor-element-6fc9f44 elementor-position-top elementor-widget elementor-widget-image-box\" data-id=\"6fc9f44\" data-element_type=\"widget\" data-e-type=\"widget\" data-widget_type=\"image-box.default\">\n\t\t\t\t\t<div class=\"elementor-image-box-wrapper\"><figure class=\"elementor-image-box-img\"><img loading=\"lazy\" decoding=\"async\" width=\"500\" height=\"500\" src=\"https:\/\/ceeduc.edu.br\/colegio\/wp-content\/uploads\/2025\/08\/simonte.png\" class=\"attachment-full size-full wp-image-2143\" alt=\"\" srcset=\"https:\/\/ceeduc.edu.br\/colegio\/wp-content\/uploads\/2025\/08\/simonte.png 500w, https:\/\/ceeduc.edu.br\/colegio\/wp-content\/uploads\/2025\/08\/simonte-300x300.png 300w, https:\/\/ceeduc.edu.br\/colegio\/wp-content\/uploads\/2025\/08\/simonte-150x150.png 150w\" sizes=\"(max-width: 500px) 100vw, 500px\" \/><\/figure><div class=\"elementor-image-box-content\"><h3 class=\"elementor-image-box-title\">Simone Marques<\/h3><p class=\"elementor-image-box-description\">Coordena\u00e7\u00e3o<br>\nCEEDUC Social<\/p><\/div><\/div>\t\t\t\t<\/div>\n\t\t\t\t<div class=\"elementor-element elementor-element-69076f9 elementor-position-top elementor-widget elementor-widget-image-box\" data-id=\"69076f9\" data-element_type=\"widget\" data-e-type=\"widget\" data-widget_type=\"image-box.default\">\n\t\t\t\t\t<div class=\"elementor-image-box-wrapper\"><figure class=\"elementor-image-box-img\"><img loading=\"lazy\" decoding=\"async\" width=\"500\" height=\"500\" src=\"https:\/\/ceeduc.edu.br\/colegio\/wp-content\/uploads\/2025\/08\/Gandra.png\" class=\"attachment-full size-full wp-image-2138\" alt=\"\" srcset=\"https:\/\/ceeduc.edu.br\/colegio\/wp-content\/uploads\/2025\/08\/Gandra.png 500w, https:\/\/ceeduc.edu.br\/colegio\/wp-content\/uploads\/2025\/08\/Gandra-300x300.png 300w, https:\/\/ceeduc.edu.br\/colegio\/wp-content\/uploads\/2025\/08\/Gandra-150x150.png 150w\" sizes=\"(max-width: 500px) 100vw, 500px\" \/><\/figure><div class=\"elementor-image-box-content\"><h3 class=\"elementor-image-box-title\">Valdinei Gandra<\/h3><p class=\"elementor-image-box-description\">Coordena\u00e7\u00e3o<br>\nFaculdade Refidim<\/p><\/div><\/div>\t\t\t\t<\/div>\n\t\t\t\t<\/div>\n\t\t\t\t<\/div>\n\t\t\t\t<\/div>\n\t\t\t\t<\/div>\n\t\t\t\t\t<\/div>\n\t\t\t\t<\/div>\n\t\t<div class=\"elementor-element elementor-element-9efe550 e-flex e-con-boxed e-con e-parent\" data-id=\"9efe550\" data-element_type=\"container\" data-e-type=\"container\" data-settings=\"{&quot;background_background&quot;:&quot;classic&quot;}\">\n\t\t\t\t\t<div class=\"e-con-inner\">\n\t\t<div class=\"elementor-element elementor-element-9c2e4c8 e-con-full e-flex e-con e-child\" data-id=\"9c2e4c8\" data-element_type=\"container\" data-e-type=\"container\">\n\t\t\t\t<div class=\"elementor-element elementor-element-4cbab89 elementor-widget elementor-widget-image\" data-id=\"4cbab89\" data-element_type=\"widget\" data-e-type=\"widget\" data-widget_type=\"image.default\">\n\t\t\t\t\t\t\t\t\t\t\t\t\t\t\t<img loading=\"lazy\" decoding=\"async\" width=\"279\" height=\"255\" src=\"https:\/\/ceeduc.edu.br\/colegio\/wp-content\/uploads\/2025\/09\/logo.ieadjo.limpoBRANCO_.png\" class=\"attachment-large size-large wp-image-2716\" alt=\"\" \/>\t\t\t\t\t\t\t\t\t\t\t\t\t\t\t<\/div>\n\t\t\t\t<\/div>\n\t\t<div class=\"elementor-element elementor-element-3d6c49d e-con-full e-flex e-con e-child\" data-id=\"3d6c49d\" data-element_type=\"container\" data-e-type=\"container\">\n\t\t\t\t<div class=\"elementor-element elementor-element-bed1dd9 elementor-widget elementor-widget-image\" data-id=\"bed1dd9\" data-element_type=\"widget\" data-e-type=\"widget\" data-widget_type=\"image.default\">\n\t\t\t\t\t\t\t\t\t\t\t\t\t\t\t<img loading=\"lazy\" decoding=\"async\" width=\"800\" height=\"742\" src=\"https:\/\/ceeduc.edu.br\/colegio\/wp-content\/uploads\/2025\/09\/ciadescp-1024x950.png\" class=\"attachment-large size-large wp-image-2715\" alt=\"\" srcset=\"https:\/\/ceeduc.edu.br\/colegio\/wp-content\/uploads\/2025\/09\/ciadescp-1024x950.png 1024w, https:\/\/ceeduc.edu.br\/colegio\/wp-content\/uploads\/2025\/09\/ciadescp-300x278.png 300w, https:\/\/ceeduc.edu.br\/colegio\/wp-content\/uploads\/2025\/09\/ciadescp-768x712.png 768w, https:\/\/ceeduc.edu.br\/colegio\/wp-content\/uploads\/2025\/09\/ciadescp-1536x1424.png 1536w, https:\/\/ceeduc.edu.br\/colegio\/wp-content\/uploads\/2025\/09\/ciadescp-2048x1899.png 2048w\" sizes=\"(max-width: 800px) 100vw, 800px\" \/>\t\t\t\t\t\t\t\t\t\t\t\t\t\t\t<\/div>\n\t\t\t\t<\/div>\n\t\t<div class=\"elementor-element elementor-element-c780028 e-con-full e-flex e-con e-child\" data-id=\"c780028\" data-element_type=\"container\" data-e-type=\"container\">\n\t\t\t\t<div class=\"elementor-element elementor-element-fa0b830 elementor-widget elementor-widget-image\" data-id=\"fa0b830\" data-element_type=\"widget\" data-e-type=\"widget\" data-widget_type=\"image.default\">\n\t\t\t\t\t\t\t\t\t\t\t\t\t\t\t<img loading=\"lazy\" decoding=\"async\" width=\"685\" height=\"1024\" src=\"https:\/\/ceeduc.edu.br\/colegio\/wp-content\/uploads\/2025\/09\/cgadb-685x1024.png\" class=\"attachment-large size-large wp-image-2714\" alt=\"\" srcset=\"https:\/\/ceeduc.edu.br\/colegio\/wp-content\/uploads\/2025\/09\/cgadb-685x1024.png 685w, https:\/\/ceeduc.edu.br\/colegio\/wp-content\/uploads\/2025\/09\/cgadb-201x300.png 201w, https:\/\/ceeduc.edu.br\/colegio\/wp-content\/uploads\/2025\/09\/cgadb-768x1149.png 768w, https:\/\/ceeduc.edu.br\/colegio\/wp-content\/uploads\/2025\/09\/cgadb-1027x1536.png 1027w, https:\/\/ceeduc.edu.br\/colegio\/wp-content\/uploads\/2025\/09\/cgadb-1369x2048.png 1369w, https:\/\/ceeduc.edu.br\/colegio\/wp-content\/uploads\/2025\/09\/cgadb.png 1582w\" sizes=\"(max-width: 685px) 100vw, 685px\" \/>\t\t\t\t\t\t\t\t\t\t\t\t\t\t\t<\/div>\n\t\t\t\t<\/div>\n\t\t<div class=\"elementor-element elementor-element-dde245c e-flex e-con-boxed e-con e-child\" data-id=\"dde245c\" data-element_type=\"container\" data-e-type=\"container\">\n\t\t\t\t\t<div class=\"e-con-inner\">\n\t\t\t\t<div class=\"elementor-element elementor-element-59f226f elementor-widget elementor-widget-text-editor\" data-id=\"59f226f\" data-element_type=\"widget\" data-e-type=\"widget\" data-widget_type=\"text-editor.default\">\n\t\t\t\t\t\t\t\t\t<p>A Igreja Evang\u00e9lica Assembleia de Deus em Joinville (IEADJO) \u00e9 filiada a Conven\u00e7\u00e3o das Assembleia de Deus do Estado de Santa Catarina e Sudoeste do Paran\u00e1 (CIADESCP) e a Conven\u00e7\u00e3o Geral das Assembleia de Deus no Brasil (CGADB).<\/p>\t\t\t\t\t\t\t\t<\/div>\n\t\t\t\t\t<\/div>\n\t\t\t\t<\/div>\n\t\t\t\t\t<\/div>\n\t\t\t\t<\/div>\n\t\t<div class=\"elementor-element elementor-element-5b4f191 e-flex e-con-boxed e-con e-parent\" data-id=\"5b4f191\" data-element_type=\"container\" data-e-type=\"container\" data-settings=\"{&quot;background_background&quot;:&quot;classic&quot;}\">\n\t\t\t\t\t<div class=\"e-con-inner\">\n\t\t\t\t<div class=\"elementor-element elementor-element-ea31f47 elementor-widget elementor-widget-heading\" data-id=\"ea31f47\" data-element_type=\"widget\" data-e-type=\"widget\" data-widget_type=\"heading.default\">\n\t\t\t\t\t<h2 class=\"elementor-heading-title elementor-size-default\">Credo das Assembleias de Deus<\/h2>\t\t\t\t<\/div>\n\t\t<div class=\"elementor-element elementor-element-bac8201 e-grid e-con-full e-con e-child\" data-id=\"bac8201\" data-element_type=\"container\" data-e-type=\"container\">\n\t\t\t\t<div class=\"elementor-element elementor-element-2c1fa0f elementor-widget elementor-widget-text-editor\" data-id=\"2c1fa0f\" data-element_type=\"widget\" data-e-type=\"widget\" data-widget_type=\"text-editor.default\">\n\t\t\t\t\t\t\t\t\t<ol><li>Na inspira\u00e7\u00e3o divina verbal e plen\u00e1ria da B\u00edblia Sagrada, \u00fanica regra infal\u00edvel de f\u00e9 e pr\u00e1tica para a vida e o car\u00e1ter crist\u00e3o (2 Tm 3.14-17);<\/li><li>Em um s\u00f3 Deus, eternamente subsistente em tr\u00eas pessoas distintas que, embora distintas, s\u00e3o iguais em poder, gl\u00f3ria e majestade: o Pai, o Filho e o Esp\u00edrito Santo (Dt 6.4; Mt 28.19; Mc 12.29; Gn 1.1; 2.7; Hb 11.3 e Ap 4.11);<\/li><li>No Senhor Jesus Cristo, a segunda pessoa da Sant\u00edssima Trindade, o Filho Unig\u00eanito de Deus, plenamente Deus, plenamente Homem, na concep\u00e7\u00e3o e no seu nascimento virginal, em sua morte vic\u00e1ria e expiat\u00f3ria, em sua ressurrei\u00e7\u00e3o corporal dentre os mortos e em sua ascens\u00e3o vitoriosa aos c\u00e9us como Salvador do mundo (Jo 3.16-<br \/>18; Rm 1.3,4; Is 7.14; Mt 1.23; Hb 10.12; Rm 8.34 e At 1.9);<\/li><li>No Esp\u00edrito Santo, a terceira pessoa da Sant\u00edssima Trindade, consubstancial com o Pai e o Filho, Senhor e Vivificador; que convence o mundo do pecado, da justi\u00e7a e do ju\u00edzo; que regenera o pecador; que falou por meio dos profetas e continua guiando o seu povo (2 Co 13.13; 2 Co 3.6,17; Rm 8.2; Jo 16.11; Tt 3.5; 2 Pe 1.21 e Jo 16.13);<\/li><li>Na cria\u00e7\u00e3o realizada por Deus, de todas as coisas que h\u00e1 nos c\u00e9us e na terra, vis\u00edveis e invis\u00edveis, e, de maneira especial, os seres humanos, por um ato instant\u00e2neo; no casamento institu\u00eddo por Deus e ratificado por nosso Senhor Jesus Cristo como uni\u00e3o entre um homem e uma mulher, nascidos macho e f\u00eamea, respectivamente, em conformidade com o definido pelo sexo de cria\u00e7\u00e3o geneticamente determinado (Gn 2.18; Jo 2.1,2; Gn 2.24; 1.27).<\/li><li>Na pecaminosidade do homem, que o destituiu da gl\u00f3ria de Deus e que somente o arrependimento e a f\u00e9 na obra expiat\u00f3ria e redentora de Jesus Cristo podem restaur\u00e1-lo a Deus (Rm 3.23; At 3.19);<\/li><li>Na necessidade absoluta do novo nascimento pela gra\u00e7a de Deus mediante a f\u00e9 em Jesus Cristo e pelo poder atuante do Esp\u00edrito Santo e da Palavra de Deus para tornar o homem aceito no Reino dos C\u00e9us; no perd\u00e3o dos pecados, na salva\u00e7\u00e3o plena e na justifica\u00e7\u00e3o pela f\u00e9 no sacrif\u00edcio efetuado por Jesus Cristo em nosso favor (Jo 3.3-8, Ef 2.8,9 ; At 10.43; Rm 10.13; 3.24-26; Hb 7.25; 5.9);<\/li><li>No batismo no Esp\u00edrito Santo, conforme as Escrituras, que nos \u00e9 dado por Jesus Cristo, demonstrado pela evid\u00eancia f\u00edsica do falar em outras l\u00ednguas, conforme a sua vontade (At 1.5; 2.4; 10.44-46; 19.1-7);<\/li><li>Na necessidade e na possibilidade de termos vida santa e irrepreens\u00edvel por obra do Esp\u00edrito Santo, que nos capacita a viver como fi\u00e9is testemunhas de Jesus Cristo; na atualidade dos dons espirituais distribu\u00eddos pelo Esp\u00edrito Santo \u00e0 Igreja para sua edifica\u00e7\u00e3o, conforme sua soberana vontade para o que for \u00fatil (1 Co 12.1-12; 1 Ts 5.23; Hb 9.14; Hb 12.14; 1 Pe 1.15);<\/li><li>Na Igreja, que \u00e9 o corpo de Cristo, coluna e firmeza da verdade, una, santa e universal assembleia dos fi\u00e9is remidos de todas as eras e todos os lugares, chamados do mundo pelo Esp\u00edrito Santo para seguir a Cristo e adorar a Deus (1 Co 12.27; Jo 4.23; 1 Tm 3.15; Hb 12.23; Ap 22.17);<\/li><li>No batismo b\u00edblico efetuado por imers\u00e3o em \u00e1guas, uma s\u00f3 vez, em nome do Pai, e do Filho, e do Esp\u00edrito Santo, conforme determinou o Senhor Jesus Cristo (Mt 28.19; Rm 6.1-6; Cl 2.12); na Ceia do Senhor, como um memorial da morte do Senhor Jesus Cristo e da comunh\u00e3o dos santos e an\u00fancio da sua vinda (Lc 22.19; 1 Co 11.24, 25);<\/li><li>Na segunda vinda de Cristo, em duas fases distintas: a primeira \u2013 invis\u00edvel ao mundo, para arrebatar a sua Igreja antes da Grande Tribula\u00e7\u00e3o; a segunda \u2013 vis\u00edvel e corporal, com a sua Igreja glorificada, para reinar sobre o mundo durante mil anos (Zc 14.5; 1 Co 15.51-54; 1 Ts 3.16; 4.16,17; Ap 20.4; e Jd.1:14);<\/li><li>No Tribunal de Cristo para todos os crist\u00e3os ressucitados e arrebatados, para receberem galard\u00f5es pelos seus feitos em favor da causa de Cristo na Terra; nas Bodas do Cordeiro para a celebra\u00e7\u00e3o do encontro da Igreja com o Esposo (1 Co 3.10-15; 2 Co 5.10; Ap 19.7);<\/li><li>No Ju\u00edzo Final, ante o Trono Branco, onde comparecer\u00e3o os descrentes de todos os tempos desde a Cria\u00e7\u00e3o at\u00e9 o fim do Mil\u00eanio; na Eternidade de tristeza e tormento para os infi\u00e9is e vida eterna de gozo e felicidade para os fi\u00e9is de todos os tempos (Mt 25.46; Is 65.20; Ap 20.11-15; 21.1-4);<\/li><\/ol>\t\t\t\t\t\t\t\t<\/div>\n\t\t\t\t<\/div>\n\t\t\t\t\t<\/div>\n\t\t\t\t<\/div>\n\t\t\t\t<\/div>\n\t\t","protected":false},"excerpt":{"rendered":"<p>Sobre a Institui\u00e7\u00e3o CEEDUC Apresenta\u00e7\u00e3o O CEEDUC \u00e9 uma organiza\u00e7\u00e3o crist\u00e3 comprometida com a forma\u00e7\u00e3o humana integral por meio da educa\u00e7\u00e3o, da a\u00e7\u00e3o social e da forma\u00e7\u00e3o teol\u00f3gica. Fundado pela Igreja Assembleia de Deus de Joinville desde 1969 atuando por meio de tr\u00eas frentes: o CEEDUC Col\u00e9gio, o CEEDUC Social e a Faculdade Refidim, todos [&hellip;]<\/p>\n","protected":false},"author":1,"featured_media":0,"parent":0,"menu_order":0,"comment_status":"closed","ping_status":"closed","template":"elementor_header_footer","meta":{"footnotes":""},"class_list":["post-258","page","type-page","status-publish","hentry"],"_links":{"self":[{"href":"https:\/\/ceeduc.edu.br\/colegio\/wp-json\/wp\/v2\/pages\/258","targetHints":{"allow":["GET"]}}],"collection":[{"href":"https:\/\/ceeduc.edu.br\/colegio\/wp-json\/wp\/v2\/pages"}],"about":[{"href":"https:\/\/ceeduc.edu.br\/colegio\/wp-json\/wp\/v2\/types\/page"}],"author":[{"embeddable":true,"href":"https:\/\/ceeduc.edu.br\/colegio\/wp-json\/wp\/v2\/users\/1"}],"replies":[{"embeddable":true,"href":"https:\/\/ceeduc.edu.br\/colegio\/wp-json\/wp\/v2\/comments?post=258"}],"version-history":[{"count":119,"href":"https:\/\/ceeduc.edu.br\/colegio\/wp-json\/wp\/v2\/pages\/258\/revisions"}],"predecessor-version":[{"id":2786,"href":"https:\/\/ceeduc.edu.br\/colegio\/wp-json\/wp\/v2\/pages\/258\/revisions\/2786"}],"wp:attachment":[{"href":"https:\/\/ceeduc.edu.br\/colegio\/wp-json\/wp\/v2\/media?parent=258"}],"curies":[{"name":"wp","href":"https:\/\/api.w.org\/{rel}","templated":true}]}}