{"id":256,"date":"2021-02-19T16:26:29","date_gmt":"2021-02-19T19:26:29","guid":{"rendered":"https:\/\/ceeduc.edu.br\/colegio\/?page_id=256"},"modified":"2025-03-24T13:16:33","modified_gmt":"2025-03-24T16:16:33","slug":"historico","status":"publish","type":"page","link":"https:\/\/ceeduc.edu.br\/colegio\/historico\/","title":{"rendered":"Hist\u00f3rico"},"content":{"rendered":"\t\t<div data-elementor-type=\"wp-page\" data-elementor-id=\"256\" class=\"elementor elementor-256\" data-elementor-post-type=\"page\">\n\t\t\t\t\t\t<header class=\"elementor-section elementor-top-section elementor-element elementor-element-b1816f1 elementor-section-content-middle elementor-section-boxed elementor-section-height-default elementor-section-height-default\" data-id=\"b1816f1\" data-element_type=\"section\" data-e-type=\"section\" data-settings=\"{&quot;background_background&quot;:&quot;classic&quot;,&quot;sticky&quot;:&quot;top&quot;,&quot;sticky_on&quot;:[&quot;desktop&quot;,&quot;laptop&quot;,&quot;tablet_extra&quot;,&quot;tablet&quot;,&quot;mobile_extra&quot;,&quot;mobile&quot;],&quot;sticky_offset&quot;:0,&quot;sticky_effects_offset&quot;:0,&quot;sticky_anchor_link_offset&quot;:0}\">\n\t\t\t\t\t\t<div class=\"elementor-container elementor-column-gap-no\">\n\t\t\t\t\t<div class=\"elementor-column elementor-col-100 elementor-top-column elementor-element elementor-element-cd515aa\" data-id=\"cd515aa\" data-element_type=\"column\" data-e-type=\"column\">\n\t\t\t<div class=\"elementor-widget-wrap elementor-element-populated\">\n\t\t\t\t\t\t<div class=\"elementor-element elementor-element-40a2607 elementor-nav-menu__align-center elementor-nav-menu--stretch elementor-nav-menu--dropdown-tablet elementor-nav-menu__text-align-aside elementor-nav-menu--toggle elementor-nav-menu--burger elementor-widget elementor-widget-nav-menu\" data-id=\"40a2607\" data-element_type=\"widget\" data-e-type=\"widget\" data-settings=\"{&quot;full_width&quot;:&quot;stretch&quot;,&quot;submenu_icon&quot;:{&quot;value&quot;:&quot;&lt;svg aria-hidden=\\&quot;true\\&quot; class=\\&quot;e-font-icon-svg e-fas-angle-down\\&quot; viewBox=\\&quot;0 0 320 512\\&quot; xmlns=\\&quot;http:\\\/\\\/www.w3.org\\\/2000\\\/svg\\&quot;&gt;&lt;path d=\\&quot;M143 352.3L7 216.3c-9.4-9.4-9.4-24.6 0-33.9l22.6-22.6c9.4-9.4 24.6-9.4 33.9 0l96.4 96.4 96.4-96.4c9.4-9.4 24.6-9.4 33.9 0l22.6 22.6c9.4 9.4 9.4 24.6 0 33.9l-136 136c-9.2 9.4-24.4 9.4-33.8 0z\\&quot;&gt;&lt;\\\/path&gt;&lt;\\\/svg&gt;&quot;,&quot;library&quot;:&quot;fa-solid&quot;},&quot;layout&quot;:&quot;horizontal&quot;,&quot;toggle&quot;:&quot;burger&quot;}\" data-widget_type=\"nav-menu.default\">\n\t\t\t\t\t\t\t\t<nav aria-label=\"Menu\" class=\"elementor-nav-menu--main elementor-nav-menu__container elementor-nav-menu--layout-horizontal e--pointer-text e--animation-sink\">\n\t\t\t\t<ul id=\"menu-1-40a2607\" class=\"elementor-nav-menu\"><li class=\"menu-item menu-item-type-post_type menu-item-object-page menu-item-261\"><a href=\"https:\/\/ceeduc.edu.br\/colegio\/historico\/\" class=\"elementor-item\">Hist\u00f3rico<\/a><\/li>\n<li class=\"menu-item menu-item-type-post_type menu-item-object-page menu-item-262\"><a href=\"https:\/\/ceeduc.edu.br\/colegio\/instituicao-ceeduc\/\" class=\"elementor-item\">Institui\u00e7\u00e3o CEEDUC<\/a><\/li>\n<li class=\"menu-item menu-item-type-post_type menu-item-object-page menu-item-284\"><a href=\"https:\/\/ceeduc.edu.br\/colegio\/principios-norteadores\/\" class=\"elementor-item\">Princ\u00edpios Norteadores<\/a><\/li>\n<li class=\"menu-item menu-item-type-post_type menu-item-object-page menu-item-283\"><a href=\"https:\/\/ceeduc.edu.br\/colegio\/certificacao-cebas\/\" class=\"elementor-item\">Certifica\u00e7\u00e3o CEBAS<\/a><\/li>\n<li class=\"menu-item menu-item-type-custom menu-item-object-custom menu-item-625\"><a href=\"https:\/\/ceeduc.edu.br\/social\/\" class=\"elementor-item\">CEEDUC Social<\/a><\/li>\n<\/ul>\t\t\t<\/nav>\n\t\t\t\t\t<div class=\"elementor-menu-toggle\" role=\"button\" tabindex=\"0\" aria-label=\"Alternar menu\" aria-expanded=\"false\">\n\t\t\t<svg aria-hidden=\"true\" role=\"presentation\" class=\"elementor-menu-toggle__icon--open e-font-icon-svg e-eicon-menu-bar\" viewBox=\"0 0 1000 1000\" xmlns=\"http:\/\/www.w3.org\/2000\/svg\"><path d=\"M104 333H896C929 333 958 304 958 271S929 208 896 208H104C71 208 42 237 42 271S71 333 104 333ZM104 583H896C929 583 958 554 958 521S929 458 896 458H104C71 458 42 487 42 521S71 583 104 583ZM104 833H896C929 833 958 804 958 771S929 708 896 708H104C71 708 42 737 42 771S71 833 104 833Z\"><\/path><\/svg><svg aria-hidden=\"true\" role=\"presentation\" class=\"elementor-menu-toggle__icon--close e-font-icon-svg e-eicon-close\" viewBox=\"0 0 1000 1000\" xmlns=\"http:\/\/www.w3.org\/2000\/svg\"><path d=\"M742 167L500 408 258 167C246 154 233 150 217 150 196 150 179 158 167 167 154 179 150 196 150 212 150 229 154 242 171 254L408 500 167 742C138 771 138 800 167 829 196 858 225 858 254 829L496 587 738 829C750 842 767 846 783 846 800 846 817 842 829 829 842 817 846 804 846 783 846 767 842 750 829 737L588 500 833 258C863 229 863 200 833 171 804 137 775 137 742 167Z\"><\/path><\/svg>\t\t<\/div>\n\t\t\t\t\t<nav class=\"elementor-nav-menu--dropdown elementor-nav-menu__container\" aria-hidden=\"true\">\n\t\t\t\t<ul id=\"menu-2-40a2607\" class=\"elementor-nav-menu\"><li class=\"menu-item menu-item-type-post_type menu-item-object-page menu-item-261\"><a href=\"https:\/\/ceeduc.edu.br\/colegio\/historico\/\" class=\"elementor-item\" tabindex=\"-1\">Hist\u00f3rico<\/a><\/li>\n<li class=\"menu-item menu-item-type-post_type menu-item-object-page menu-item-262\"><a href=\"https:\/\/ceeduc.edu.br\/colegio\/instituicao-ceeduc\/\" class=\"elementor-item\" tabindex=\"-1\">Institui\u00e7\u00e3o CEEDUC<\/a><\/li>\n<li class=\"menu-item menu-item-type-post_type menu-item-object-page menu-item-284\"><a href=\"https:\/\/ceeduc.edu.br\/colegio\/principios-norteadores\/\" class=\"elementor-item\" tabindex=\"-1\">Princ\u00edpios Norteadores<\/a><\/li>\n<li class=\"menu-item menu-item-type-post_type menu-item-object-page menu-item-283\"><a href=\"https:\/\/ceeduc.edu.br\/colegio\/certificacao-cebas\/\" class=\"elementor-item\" tabindex=\"-1\">Certifica\u00e7\u00e3o CEBAS<\/a><\/li>\n<li class=\"menu-item menu-item-type-custom menu-item-object-custom menu-item-625\"><a href=\"https:\/\/ceeduc.edu.br\/social\/\" class=\"elementor-item\" tabindex=\"-1\">CEEDUC Social<\/a><\/li>\n<\/ul>\t\t\t<\/nav>\n\t\t\t\t\t\t<\/div>\n\t\t\t\t\t<\/div>\n\t\t<\/div>\n\t\t\t\t\t<\/div>\n\t\t<\/header>\n\t\t\t\t<section class=\"elementor-section elementor-top-section elementor-element elementor-element-736212a elementor-section-boxed elementor-section-height-default elementor-section-height-default\" data-id=\"736212a\" data-element_type=\"section\" data-e-type=\"section\" data-settings=\"{&quot;background_background&quot;:&quot;classic&quot;}\">\n\t\t\t\t\t\t<div class=\"elementor-container elementor-column-gap-default\">\n\t\t\t\t\t<div class=\"elementor-column elementor-col-100 elementor-top-column elementor-element elementor-element-ec38419\" data-id=\"ec38419\" data-element_type=\"column\" data-e-type=\"column\">\n\t\t\t<div class=\"elementor-widget-wrap elementor-element-populated\">\n\t\t\t\t\t\t<div class=\"elementor-element elementor-element-f1c26ed elementor-widget elementor-widget-spacer\" data-id=\"f1c26ed\" data-element_type=\"widget\" data-e-type=\"widget\" data-widget_type=\"spacer.default\">\n\t\t\t\t\t\t\t<div class=\"elementor-spacer\">\n\t\t\t<div class=\"elementor-spacer-inner\"><\/div>\n\t\t<\/div>\n\t\t\t\t\t\t<\/div>\n\t\t\t\t<div class=\"elementor-element elementor-element-fea7c43 elementor-widget-divider--view-line elementor-widget elementor-widget-divider\" data-id=\"fea7c43\" data-element_type=\"widget\" data-e-type=\"widget\" data-widget_type=\"divider.default\">\n\t\t\t\t\t\t\t<div class=\"elementor-divider\">\n\t\t\t<span class=\"elementor-divider-separator\">\n\t\t\t\t\t\t<\/span>\n\t\t<\/div>\n\t\t\t\t\t\t<\/div>\n\t\t\t\t<section class=\"elementor-section elementor-inner-section elementor-element elementor-element-5d63196 elementor-section-boxed elementor-section-height-default elementor-section-height-default\" data-id=\"5d63196\" data-element_type=\"section\" data-e-type=\"section\">\n\t\t\t\t\t\t<div class=\"elementor-container elementor-column-gap-default\">\n\t\t\t\t\t<div class=\"elementor-column elementor-col-50 elementor-inner-column elementor-element elementor-element-f234b4a\" data-id=\"f234b4a\" data-element_type=\"column\" data-e-type=\"column\">\n\t\t\t<div class=\"elementor-widget-wrap elementor-element-populated\">\n\t\t\t\t\t\t<div class=\"elementor-element elementor-element-bf7c682 elementor-widget elementor-widget-text-editor\" data-id=\"bf7c682\" data-element_type=\"widget\" data-e-type=\"widget\" data-widget_type=\"text-editor.default\">\n\t\t\t\t\t\t\t\t\t<p>A Igreja crist\u00e3 evang\u00e9lica, enquanto institui\u00e7\u00e3o religiosa e civil, possui como responsabilidade participar ativamente da constru\u00e7\u00e3o humana no mundo, seja em sua individualidade ou coletividade. Um dos meios adequados \u00e0 Igreja para cumprir com este compromisso \u00e9 a educa\u00e7\u00e3o. A Igreja Evang\u00e9lica Assembl\u00e9ia de Deus em Joinville t\u00eam realizado sua miss\u00e3o educadora, principalmente, atrav\u00e9s do Col\u00e9gio Evang\u00e9lico Pr. Manoel Germano de Miranda e da Faculdade Refidim, que oferece cursos livres em Teologia para a capacita\u00e7\u00e3o de lideran\u00e7a para a denomina\u00e7\u00e3o e outros interessados e tem seu curso superior em Teologia autorizado pelo MEC desde 2011, inciando a primeira turma em fevereiro de 2012.<\/p>\n<p><br><\/p>\n<p>A preocupa\u00e7\u00e3o da Assembl\u00e9ia de Deus em Joinville com educa\u00e7\u00e3o formal se inicia aproximadamente em 1960 com a implanta\u00e7\u00e3o da escola prim\u00e1ria &#8220;Florian\u00f3polis&#8221; no Itaum, por iniciativa do Pr Antonieto Grangeiro. Tornando-se portanto &#8220;vanguarda nacional&#8221; na preocupa\u00e7\u00e3o com educa\u00e7\u00e3o, como a primeira iniciativa desta igreja no Brasil.<\/p>\n<p><br><\/p>\n<p>O Col\u00e9gio Evang\u00e9lico Pr. Manoel Germano de Miranda (nome dado em mem\u00f3ria do primeiro pastor da AD em Joinville) j\u00e1 possui tradi\u00e7\u00e3o na cidade com suas mais de tr\u00eas d\u00e9cadas de exist\u00eancia. Ele foi fundado no ano de 1981 iniciando suas atividades com o Jardim de Inf\u00e2ncia \u201cCantinho da Paz\u201d. Estiveram \u00e0 frente deste empreendimento o pastor Satyro Loureiro (in memorian), presidente da Assembl\u00e9ia de Deus (AD) em Joinville e o senhor Adelor Francisco Vieira, superintendente da SASEDEP (Sociedade de Assist\u00eancia Social e Educacional \u201cDeus Prover\u00e1\u201d). O projeto surgiu da compreens\u00e3o de que o ensino formal \u00e9 responsabilidade tamb\u00e9m da Igreja, como entidade social, visando \u00e0 forma\u00e7\u00e3o de cidad\u00e3os \u00e9ticos e comprometidos com a transforma\u00e7\u00e3o da realidade social. Em 1987 deu-se in\u00edcio \u00e0 implanta\u00e7\u00e3o das S\u00e9ries Iniciais (1\u00aa. a 4\u00aa. S\u00e9rie) do Ensino Fundamental.  \u00c0 princ\u00edpio,  funcionaram nas depend\u00eancias das classes de Escola Dominical da Igreja Assembl\u00e9ia de Deus, no bairro Nova Bras\u00edlia, tendo como diretor o senhor Adelor Francisco Vieira, substitu\u00eddo posteriormente pela professora Rosvita Vieira.<\/p>\n<p><br><\/p>\n<p>Em 1976 iniciou-se o programa de educa\u00e7\u00e3o teol\u00f3gica com a cria\u00e7\u00e3o do Instituto B\u00edblico Ber\u00e9ia, sob a lideran\u00e7a do senhor Edino Fialho Fonseca e a presid\u00eancia do pastor Lios\u00e9s Domiciano na AD em Joinville. Em 1988, sob a dire\u00e7\u00e3o da professora Ady Lopes dos Santos e a presid\u00eancia do pastor Satyro Loureiro, passou a chamar-se IBADEJ &#8211; Instituto B\u00edblico da Assembl\u00e9ia de Deus em Joinville, sendo a \u00fanica escola teol\u00f3gica reconhecida pela CGADB \u2013 Conven\u00e7\u00e3o Geral das Assembl\u00e9ias de Deus em 1993 no estado de Santa Catarina. <\/p>\n<p><br><\/p>\n<p>Em 02 de setembro de 1994 sob a presid\u00eancia do pastor Jos\u00e9 Jo\u00e3o Vieira na AD em Joinville e do senhor Joel Montanha no Departamento de Miss\u00f5es, criou-se a EMICS \u2013 Escola Mission\u00e1ria por Correspond\u00eancia Silo\u00e9, em atendimento \u00e0 solicita\u00e7\u00e3o de mission\u00e1rios da regi\u00e3o por um curso B\u00e1sico em Teologia \u00e0 dist\u00e2ncia para capacita\u00e7\u00e3o mission\u00e1ria e pastoral.<\/p>\n<p><br><\/p>\n<p>Nesta mesma \u00e9poca o Col\u00e9gio Evang\u00e9lico fora transferido para um pr\u00e9dio pr\u00f3prio e iniciou a implanta\u00e7\u00e3o das demais s\u00e9ries do ensino fundamental &#8211; 5\u00aa a 8\u00aa S\u00e9rie &#8211; em atendimento \u00e0s expectativas de pais e da comunidade.<\/p>\t\t\t\t\t\t\t\t<\/div>\n\t\t\t\t<div class=\"elementor-element elementor-element-f45c9f7 elementor-widget elementor-widget-image\" data-id=\"f45c9f7\" data-element_type=\"widget\" data-e-type=\"widget\" data-widget_type=\"image.default\">\n\t\t\t\t\t\t\t\t\t\t\t\t\t\t\t<img fetchpriority=\"high\" decoding=\"async\" width=\"800\" height=\"533\" src=\"https:\/\/ceeduc.edu.br\/colegio\/wp-content\/uploads\/2021\/04\/AD-Joinville-1024x682.jpg\" class=\"attachment-large size-large wp-image-1232\" alt=\"\" srcset=\"https:\/\/ceeduc.edu.br\/colegio\/wp-content\/uploads\/2021\/04\/AD-Joinville-1024x682.jpg 1024w, https:\/\/ceeduc.edu.br\/colegio\/wp-content\/uploads\/2021\/04\/AD-Joinville-300x200.jpg 300w, https:\/\/ceeduc.edu.br\/colegio\/wp-content\/uploads\/2021\/04\/AD-Joinville-768x512.jpg 768w, https:\/\/ceeduc.edu.br\/colegio\/wp-content\/uploads\/2021\/04\/AD-Joinville.jpg 1280w\" sizes=\"(max-width: 800px) 100vw, 800px\" \/>\t\t\t\t\t\t\t\t\t\t\t\t\t\t\t<\/div>\n\t\t\t\t\t<\/div>\n\t\t<\/div>\n\t\t\t\t<div class=\"elementor-column elementor-col-50 elementor-inner-column elementor-element elementor-element-1f6d480\" data-id=\"1f6d480\" data-element_type=\"column\" data-e-type=\"column\">\n\t\t\t<div class=\"elementor-widget-wrap elementor-element-populated\">\n\t\t\t\t\t\t<div class=\"elementor-element elementor-element-017cb1e elementor-widget elementor-widget-text-editor\" data-id=\"017cb1e\" data-element_type=\"widget\" data-e-type=\"widget\" data-widget_type=\"text-editor.default\">\n\t\t\t\t\t\t\t\t\t<p style=\"font-size: 16px; font-style: normal; font-weight: 400;\">A EMICS foi reconhecida pelo Colegiado de Educa\u00e7\u00e3o e Cultura (CEC) da Conven\u00e7\u00e3o Geral das Assembl\u00e9ias de Deus no Brasil em 15 de maio de 1996, dando a ela um status nacional de escola de forma\u00e7\u00e3o ministerial. Estendeu-se, ent\u00e3o, desde 1997, o curso B\u00e1sico em Teologia para outros obreiros al\u00e9m dos mission\u00e1rios. A EMICS foi transformada em EPOS \u2013 Escola Preparat\u00f3ria de Obreiros Silo\u00e9, que passou a funcionar como um departamento da Secretaria de Miss\u00f5es da AD em Joinville, oferecendo curso B\u00e1sico em Teologia por correspond\u00eancia em n\u00facleos distribu\u00eddos em v\u00e1rias regi\u00f5es de Santa Catarina.<\/p><p style=\"font-size: 16px; font-style: normal; font-weight: 400;\">Em rela\u00e7\u00e3o de continuidade a este projeto, em 1999 criou-se a Escola Teol\u00f3gica Refidim, sob a dire\u00e7\u00e3o executiva do Pastor Joel Montanha, para o oferecimento de cursos livres de Teologia. A cria\u00e7\u00e3o desta escola se deu com a fus\u00e3o da EPOS, que funcionava com o curso B\u00e1sico em Teologia \u00e0 dist\u00e2ncia e do IBADEJ &#8211; Instituto B\u00edblico das Assembl\u00e9ias Deus em Joinville, que oferecia o ensino teol\u00f3gico regular e presencial, com cursos B\u00e1sico (um ano) e M\u00e9dio em Teologia (dois anos). A fus\u00e3o das escolas foi aprovada pelo CEC \u2013 Conselho de Educa\u00e7\u00e3o e Cultura da Conven\u00e7\u00e3o Geral das Assembl\u00e9ias de Deus no Brasil, sob registro no. RGe\/CEC0023\/89, no dia 13 de janeiro de 1999. No dia 06 de janeiro de 1999 procedeu-se o reconhecimento denominacional da Escola Teol\u00f3gica Refidim pela Conven\u00e7\u00e3o das Igrejas Evang\u00e9licas Assembl\u00e9ia de Deus em Santa Catarina e Sudoeste do Paran\u00e1, atrav\u00e9s da Ata n\u00ba 789, 7\u00aa sess\u00e3o, da 51\u00aa Conven\u00e7\u00e3o Ordin\u00e1ria.<\/p><p style=\"font-size: 16px; font-style: normal; font-weight: 400;\">\u00a0<\/p><p><span style=\"font-size: 16px; letter-spacing: 0px;\">No ano de 2001 a Escola Teol\u00f3gica Refidim passou a funcionar no pr\u00e9dio cedido pela SASEDEP &#8211; Sociedade Assistencial e Educacional Deus Prover\u00e1, mantenedora do Col\u00e9gio Evang\u00e9lico. Em 2002 ela ampliou suas atividades acad\u00eamicas com a cria\u00e7\u00e3o dos cursos M\u00e9dio em Teologia com n\u00facleos em v\u00e1rias igrejas do estado de Santa Catarina e do Brasil e o curso Avan\u00e7ado em Teologia, na modalidade modular, destinado aos pastores e dirigentes de igreja, funcionando com turmas em Joinville.<\/span><\/p><p>\u00a0<\/p><p>Em 2005, o Prof. Claiton Ivan Pommerening assumiu a dire\u00e7\u00e3o administrativa da escola de Escola Teol\u00f3gica Refidim, enquanto o pastor Joel Montanha assumiu a dire\u00e7\u00e3o dos Cursos de Extens\u00e3o.<\/p><p>\u00a0<\/p><p>Nesta mesma \u00e9poca a Escola Teol\u00f3gica Refidim iniciou seus projetos de credenciamento e reconhecimento junto ao MEC, com a inten\u00e7\u00e3o de que, em conjunto com o Col\u00e9gio Evang\u00e9lico Pr. Manoel Germano de Miranda pudesse dar in\u00edcio \u00e0 cria\u00e7\u00e3o de um centro integrado de educa\u00e7\u00e3o e cultura, que contemplasse desde a Educa\u00e7\u00e3o Infantil ao Ensino Superior. Como primeiras medidas para a consecu\u00e7\u00e3o de tais objetivos empreendeu-se a amplia\u00e7\u00e3o das instala\u00e7\u00f5es do pr\u00e9dio do Col\u00e9gio Evang\u00e9lico.<\/p><p>\u00a0<\/p><p>Em 06 de abril de 2006, houve a unifica\u00e7\u00e3o da Escola Teol\u00f3gica Refidim e do Col\u00e9gio Evang\u00e9lico que passaram ent\u00e3o a funcionar nas instala\u00e7\u00f5es do novo pr\u00e9dio. Em 23 de outubro de 2007 realizou-se a fus\u00e3o estatut\u00e1ria do Col\u00e9gio Evang\u00e9lico com a Escola Teol\u00f3gica Refidim, dando origem ao CEEDUC &#8211; Centro Evang\u00e9lico de Educa\u00e7\u00e3o e Cultura, que se prop\u00f5e a atuar da educa\u00e7\u00e3o infantil ao ensino superior, possuindo como mantenedora a SASEDEP.<\/p><p>\u00a0<\/p><p>A dire\u00e7\u00e3o geral desta nova institui\u00e7\u00e3o ficou sob a responsabilidade do Prof. Claiton Ivan Pommerening, e do corpo-auxiliar t\u00e9cnico-administrativo constitu\u00eddo pelos professores: Edna M\u00e1rcia de Medeiros Fel\u00edcio, na coordena\u00e7\u00e3o pedag\u00f3gica da Educa\u00e7\u00e3o Infantil e Ensino Fundamental; Reginaldo Leandro Pl\u00e1cido na coordena\u00e7\u00e3o pedag\u00f3gica do Ensino Superior e Ol\u00edvio Maurino Mafra na coordena\u00e7\u00e3o do curso B\u00e1sico em Teologia em regime de extens\u00e3o.<\/p><p>\u00a0<\/p><p>No ano de 2008 a SASEDEP iniciou processo junto ao MEC para credenciamento da Faculdade Refidim e autoriza\u00e7\u00e3o do seu primeiro curso: Teologia. O processo tramitou normalmente e em 2011 a Faculdade Refidim obteve seu credenciamento atrav\u00e9s da Portaria MEC 659 de 25 de maio; e a autoriza\u00e7\u00e3o do curso de Bacharel em Teologia atrav\u00e9s da Portaria MEC 37 de 1 de junho.<\/p><p>\u00a0<\/p><p>Em dezembro de 2011 a assembl\u00e9ia ordin\u00e1ria da SASEDEP decidiu ent\u00e3o pela mudan\u00e7a de nome desta entidade, que passou a chamar-se: Associa\u00e7\u00e3o Centro Evang\u00e9lico de Educa\u00e7\u00e3o, Cultura e Assistencia Social \u2013 Ceeduc, sob a mesma raz\u00e3o social e CNPJ.<\/p><p>\u00a0<\/p><p>Prosseguindo no projeto de desenvolvimento da Faculdade Refidim, a Associa\u00e7\u00e3o CEEDUC iniciou seu processo de credenciamento para oferta de educa\u00e7\u00e3o \u00e0 dist\u00e2ncia e autoriza\u00e7\u00e3o do seu primeiro curso: Bacharel em Teologia, nesta modalidade de ensino. A nova entidade ser\u00e1 chamada de Refidim Virtual. Com isso, mais uma vez, ela pretende consolidar sua participa\u00e7\u00e3o no desenvolvimento da educa\u00e7\u00e3o no pa\u00eds e contribuir para a transforma\u00e7\u00e3o da realidade s\u00f3cio-hist\u00f3rica que ela integra como institui\u00e7\u00e3o evang\u00e9lica. Tamb\u00e9m pretende, com isto, contribuir para a promo\u00e7\u00e3o da educa\u00e7\u00e3o teol\u00f3gica no pa\u00eds.<\/p>\t\t\t\t\t\t\t\t<\/div>\n\t\t\t\t\t<\/div>\n\t\t<\/div>\n\t\t\t\t\t<\/div>\n\t\t<\/section>\n\t\t\t\t<div class=\"elementor-element elementor-element-a6adf99 elementor-widget elementor-widget-spacer\" data-id=\"a6adf99\" data-element_type=\"widget\" data-e-type=\"widget\" data-widget_type=\"spacer.default\">\n\t\t\t\t\t\t\t<div class=\"elementor-spacer\">\n\t\t\t<div class=\"elementor-spacer-inner\"><\/div>\n\t\t<\/div>\n\t\t\t\t\t\t<\/div>\n\t\t\t\t\t<\/div>\n\t\t<\/div>\n\t\t\t\t\t<\/div>\n\t\t<\/section>\n\t\t\t\t<\/div>\n\t\t","protected":false},"excerpt":{"rendered":"<p>Breve Hist\u00f3rico da Educa\u00e7\u00e3o na Assembl\u00e9ia de Deus em Joinville A Igreja crist\u00e3 evang\u00e9lica, enquanto institui\u00e7\u00e3o religiosa e civil, possui como responsabilidade participar ativamente da constru\u00e7\u00e3o humana no mundo, seja em sua individualidade ou coletividade. Um dos meios adequados \u00e0 Igreja para cumprir com este compromisso \u00e9 a educa\u00e7\u00e3o. A Igreja Evang\u00e9lica Assembl\u00e9ia de Deus [&hellip;]<\/p>\n","protected":false},"author":1,"featured_media":0,"parent":0,"menu_order":0,"comment_status":"closed","ping_status":"closed","template":"elementor_header_footer","meta":{"footnotes":""},"class_list":["post-256","page","type-page","status-publish","hentry"],"_links":{"self":[{"href":"https:\/\/ceeduc.edu.br\/colegio\/wp-json\/wp\/v2\/pages\/256","targetHints":{"allow":["GET"]}}],"collection":[{"href":"https:\/\/ceeduc.edu.br\/colegio\/wp-json\/wp\/v2\/pages"}],"about":[{"href":"https:\/\/ceeduc.edu.br\/colegio\/wp-json\/wp\/v2\/types\/page"}],"author":[{"embeddable":true,"href":"https:\/\/ceeduc.edu.br\/colegio\/wp-json\/wp\/v2\/users\/1"}],"replies":[{"embeddable":true,"href":"https:\/\/ceeduc.edu.br\/colegio\/wp-json\/wp\/v2\/comments?post=256"}],"version-history":[{"count":23,"href":"https:\/\/ceeduc.edu.br\/colegio\/wp-json\/wp\/v2\/pages\/256\/revisions"}],"predecessor-version":[{"id":1233,"href":"https:\/\/ceeduc.edu.br\/colegio\/wp-json\/wp\/v2\/pages\/256\/revisions\/1233"}],"wp:attachment":[{"href":"https:\/\/ceeduc.edu.br\/colegio\/wp-json\/wp\/v2\/media?parent=256"}],"curies":[{"name":"wp","href":"https:\/\/api.w.org\/{rel}","templated":true}]}}